{"id":35,"date":"2021-05-02T11:10:56","date_gmt":"2021-05-02T09:10:56","guid":{"rendered":"http:\/\/localhost:8888\/annecarre\/?page_id=35"},"modified":"2024-02-18T10:08:56","modified_gmt":"2024-02-18T09:08:56","slug":"informations-pratiques","status":"publish","type":"page","link":"https:\/\/annecarrepsychologue.fr\/index.php\/informations-pratiques\/","title":{"rendered":"Informations pratiques"},"content":{"rendered":"\n<h5 class=\"wp-block-heading\">Une question ? Remplissez le formulaire ci-dessous et je vous r\u00e9pondrai dans les plus brefs d\u00e9lais.<\/h5>\n\n\n<div class=\"wp-block-image\">\n<figure class=\"alignleft size-full\"><img loading=\"lazy\" decoding=\"async\" width=\"640\" height=\"480\" src=\"http:\/\/annecarrepsychologue.fr\/wp-content\/uploads\/2022\/11\/PXL_20220916_104950419.jpg\" alt=\"\" class=\"wp-image-195\" srcset=\"https:\/\/annecarrepsychologue.fr\/wp-content\/uploads\/2022\/11\/PXL_20220916_104950419.jpg 640w, https:\/\/annecarrepsychologue.fr\/wp-content\/uploads\/2022\/11\/PXL_20220916_104950419-300x225.jpg 300w, https:\/\/annecarrepsychologue.fr\/wp-content\/uploads\/2022\/11\/PXL_20220916_104950419-370x278.jpg 370w\" sizes=\"auto, (max-width: 640px) 100vw, 640px\" \/><\/figure>\n<\/div>\n\n\n<p class=\"has-medium-font-size\">Maison m\u00e9dicale<\/p>\n\n\n\n<p>5 rue de la Chalotais<br>Cesson S\u00e9vign\u00e9<br>2<sup>e<\/sup>&nbsp;\u00e9tage<br>Acc\u00e8s pour personnes \u00e0 mobilit\u00e9 r\u00e9duite<\/p>\n\n\n\n<p class=\"has-medium-font-size\">Tarifs<\/p>\n\n\n\n<p>50\u20ac la s\u00e9ance&nbsp;<br>40\u20ac la s\u00e9ance&nbsp;:&nbsp;\u00e9tudiants&nbsp;et demandeurs d\u2019emploi.<br><br><\/p>\n\n\n\n<p>Les s\u00e9ances ne sont pas prises en charge par l\u2019assurance maladie, je ne participe pas au dispositif \u00ab&nbsp;Monpsy&nbsp;\u00bb. Cependant certains contrats de mutuelles proposent une prise en charge partielle&nbsp;: renseignez-vous&nbsp;!<\/p>\n\n\n\n<p>T\u00e9l\u00e9consultation possible&nbsp;: me contacter  06 63 65 33 69<\/p>\n\n\n\n<p>Je re\u00e7ois sur rdv les <strong>mercredis<\/strong> et <strong>vendredis&nbsp;<\/strong><\/p>\n\n\n\n<figure class=\"wp-block-table has-medium-font-size\"><table><tbody><tr><td>N\u00b0 ADELI&nbsp;: 359313624<br>                                <br>N\u00b0 SIRET&nbsp;: 52349256900042<\/td><\/tr><\/tbody><\/table><\/figure>\n\n\n\n<div class=\"wp-block-contact-form-7-contact-form-selector\"><div role=\"form\" class=\"wpcf7\" id=\"wpcf7-f108-o1\" lang=\"fr-FR\" dir=\"ltr\">\n<div class=\"screen-reader-response\"><p role=\"status\" aria-live=\"polite\" aria-atomic=\"true\"><\/p> <ul><\/ul><\/div>\n<form action=\"\/index.php\/wp-json\/wp\/v2\/pages\/35#wpcf7-f108-o1\" method=\"post\" class=\"wpcf7-form init\" novalidate=\"novalidate\" data-status=\"init\">\n<div style=\"display: none;\">\n<input type=\"hidden\" name=\"_wpcf7\" value=\"108\" \/>\n<input type=\"hidden\" name=\"_wpcf7_version\" value=\"5.4.1\" \/>\n<input type=\"hidden\" name=\"_wpcf7_locale\" value=\"fr_FR\" \/>\n<input type=\"hidden\" name=\"_wpcf7_unit_tag\" value=\"wpcf7-f108-o1\" \/>\n<input type=\"hidden\" name=\"_wpcf7_container_post\" value=\"0\" \/>\n<input type=\"hidden\" name=\"_wpcf7_posted_data_hash\" value=\"\" \/>\n<input type=\"hidden\" name=\"_wpcf7_recaptcha_response\" value=\"\" \/>\n<\/div>\n<p><label> Votre nom<br \/>\n    <span class=\"wpcf7-form-control-wrap your-name\"><input type=\"text\" name=\"your-name\" value=\"\" size=\"40\" class=\"wpcf7-form-control wpcf7-text wpcf7-validates-as-required\" aria-required=\"true\" aria-invalid=\"false\" \/><\/span> <\/label><\/p>\n<p><label> Votre e-mail<br \/>\n    <span class=\"wpcf7-form-control-wrap your-email\"><input type=\"email\" name=\"your-email\" value=\"\" size=\"40\" class=\"wpcf7-form-control wpcf7-text wpcf7-email wpcf7-validates-as-required wpcf7-validates-as-email\" aria-required=\"true\" aria-invalid=\"false\" \/><\/span> <\/label><\/p>\n<p><label> Objet<br \/>\n    <span class=\"wpcf7-form-control-wrap your-subject\"><input type=\"text\" name=\"your-subject\" value=\"\" size=\"40\" class=\"wpcf7-form-control wpcf7-text wpcf7-validates-as-required\" aria-required=\"true\" aria-invalid=\"false\" \/><\/span> <\/label><\/p>\n<p><label> Votre message<br \/>\n    <span class=\"wpcf7-form-control-wrap your-message\"><textarea name=\"your-message\" cols=\"40\" rows=\"10\" class=\"wpcf7-form-control wpcf7-textarea\" aria-invalid=\"false\"><\/textarea><\/span> <\/label><br \/>\n<span class=\"wpcf7-form-control-wrap quiz-744\"><label><span class=\"wpcf7-quiz-label\">Combien font 1 + 4?<\/span> <input type=\"text\" name=\"quiz-744\" size=\"40\" class=\"wpcf7-form-control wpcf7-quiz\" autocomplete=\"off\" aria-required=\"true\" aria-invalid=\"false\" \/><\/label><input type=\"hidden\" name=\"_wpcf7_quiz_answer_quiz-744\" value=\"da90ab260c013740c2530b1c51c567f8\" \/><\/span><\/p>\n<p><input type=\"submit\" value=\"Envoyer\" class=\"wpcf7-form-control wpcf7-submit\" \/><\/p>\n<div class=\"wpcf7-response-output\" aria-hidden=\"true\"><\/div><\/form><\/div><\/div>\n\n\n\n<div class=\"wp-block-webfactory-map\"><div class=\"wp-block-webfactory-map\"><iframe loading=\"lazy\" width=\"100%\" height=\"300px\" src=\"https:\/\/www.google.com\/maps\/embed\/v1\/place?q=5%20rue%20de%20la%20Chalotais%20Cesson%20S%C3%A9vign%C3%A9&amp;maptype=roadmap&amp;zoom=10&amp;key=AIzaSyAjyDspiPfzEfjRSS5fQzm-3jHFjHxeXB4\" frameborder=\"0\"><\/iframe><\/div><\/div>\n","protected":false},"excerpt":{"rendered":"<p>Une question ? Remplissez le formulaire ci-dessous et je vous r\u00e9pondrai dans les plus brefs d\u00e9lais. Maison m\u00e9dicale 5 rue de la ChalotaisCesson S\u00e9vign\u00e92e&nbsp;\u00e9tageAcc\u00e8s pour personnes \u00e0 mobilit\u00e9 r\u00e9duite Tarifs 50\u20ac la s\u00e9ance&nbsp;40\u20ac la s\u00e9ance&nbsp;:&nbsp;\u00e9tudiants&nbsp;et demandeurs d\u2019emploi. Les s\u00e9ances ne sont pas prises en charge par l\u2019assurance maladie, je ne participe pas au dispositif \u00ab&nbsp;Monpsy&nbsp;\u00bb. Cependant certains contrats de mutuelles&hellip;<\/p>\n","protected":false},"author":2,"featured_media":0,"parent":0,"menu_order":0,"comment_status":"closed","ping_status":"closed","template":"","meta":{"footnotes":""},"class_list":["post-35","page","type-page","status-publish","hentry"],"_links":{"self":[{"href":"https:\/\/annecarrepsychologue.fr\/index.php\/wp-json\/wp\/v2\/pages\/35","targetHints":{"allow":["GET"]}}],"collection":[{"href":"https:\/\/annecarrepsychologue.fr\/index.php\/wp-json\/wp\/v2\/pages"}],"about":[{"href":"https:\/\/annecarrepsychologue.fr\/index.php\/wp-json\/wp\/v2\/types\/page"}],"author":[{"embeddable":true,"href":"https:\/\/annecarrepsychologue.fr\/index.php\/wp-json\/wp\/v2\/users\/2"}],"replies":[{"embeddable":true,"href":"https:\/\/annecarrepsychologue.fr\/index.php\/wp-json\/wp\/v2\/comments?post=35"}],"version-history":[{"count":11,"href":"https:\/\/annecarrepsychologue.fr\/index.php\/wp-json\/wp\/v2\/pages\/35\/revisions"}],"predecessor-version":[{"id":287,"href":"https:\/\/annecarrepsychologue.fr\/index.php\/wp-json\/wp\/v2\/pages\/35\/revisions\/287"}],"wp:attachment":[{"href":"https:\/\/annecarrepsychologue.fr\/index.php\/wp-json\/wp\/v2\/media?parent=35"}],"curies":[{"name":"wp","href":"https:\/\/api.w.org\/{rel}","templated":true}]}}